{"id":2089,"date":"2022-03-21T14:04:05","date_gmt":"2022-03-21T14:04:05","guid":{"rendered":"https:\/\/dsvamb.sonus.cz\/?page_id=2089"},"modified":"2022-04-20T08:21:18","modified_gmt":"2022-04-20T08:21:18","slug":"historie","status":"publish","type":"page","link":"https:\/\/www.dsvamb.cz\/?page_id=2089","title":{"rendered":"Historie"},"content":{"rendered":"\t\t<div data-elementor-type=\"wp-page\" data-elementor-id=\"2089\" class=\"elementor elementor-2089\" data-elementor-settings=\"[]\">\n\t\t\t\t\t\t\t<div class=\"elementor-section-wrap\">\n\t\t\t\t\t\t\t<section class=\"elementor-section elementor-top-section elementor-element elementor-element-2f0eff1 elementor-section-boxed elementor-section-height-default elementor-section-height-default\" data-id=\"2f0eff1\" data-element_type=\"section\" data-settings=\"{&quot;background_background&quot;:&quot;classic&quot;}\">\n\t\t\t\t\t\t<div class=\"elementor-container elementor-column-gap-default\">\n\t\t\t\t\t<div class=\"elementor-column elementor-col-100 elementor-top-column elementor-element elementor-element-d3015bc\" data-id=\"d3015bc\" data-element_type=\"column\">\n\t\t\t<div class=\"elementor-widget-wrap elementor-element-populated\">\n\t\t\t\t\t\t\t\t<div class=\"elementor-element elementor-element-d765841 elementor-widget elementor-widget-heading\" data-id=\"d765841\" data-element_type=\"widget\" data-widget_type=\"heading.default\">\n\t\t\t\t<div class=\"elementor-widget-container\">\n\t\t\t<style>\/*! elementor - v3.5.6 - 28-02-2022 *\/\n.elementor-heading-title{padding:0;margin:0;line-height:1}.elementor-widget-heading .elementor-heading-title[class*=elementor-size-]>a{color:inherit;font-size:inherit;line-height:inherit}.elementor-widget-heading .elementor-heading-title.elementor-size-small{font-size:15px}.elementor-widget-heading .elementor-heading-title.elementor-size-medium{font-size:19px}.elementor-widget-heading .elementor-heading-title.elementor-size-large{font-size:29px}.elementor-widget-heading .elementor-heading-title.elementor-size-xl{font-size:39px}.elementor-widget-heading .elementor-heading-title.elementor-size-xxl{font-size:59px}<\/style><h1 class=\"elementor-heading-title elementor-size-default elementor-heading-title elementor-size-default\">Historie<\/h1>\t\t<\/div>\n\t\t\t\t<\/div>\n\t\t\t\t\t<\/div>\n\t\t<\/div>\n\t\t\t\t\t\t\t<\/div>\n\t\t<\/section>\n\t\t\t\t<section class=\"elementor-section elementor-top-section elementor-element elementor-element-2d014e4 elementor-section-height-min-height elementor-section-boxed elementor-section-height-default elementor-section-items-middle\" data-id=\"2d014e4\" data-element_type=\"section\" data-settings=\"{&quot;background_background&quot;:&quot;classic&quot;}\">\n\t\t\t\t\t\t<div class=\"elementor-container elementor-column-gap-default\">\n\t\t\t\t\t<div class=\"elementor-column elementor-col-100 elementor-top-column elementor-element elementor-element-857ba2f\" data-id=\"857ba2f\" data-element_type=\"column\">\n\t\t\t<div class=\"elementor-widget-wrap elementor-element-populated\">\n\t\t\t\t\t\t\t\t<div class=\"elementor-element elementor-element-eafbe8a elementor-widget elementor-widget-wp-widget-bcn_widget\" data-id=\"eafbe8a\" data-element_type=\"widget\" data-widget_type=\"wp-widget-bcn_widget.default\">\n\t\t\t\t<div class=\"elementor-widget-container\">\n\t\t\t<div class=\"breadcrumbs\" itemscope itemtype=\"https:\/\/schema.org\/BreadcrumbList\"><!-- Breadcrumb NavXT 7.4.1 -->\n<span property=\"itemListElement\" typeof=\"ListItem\"><a property=\"item\" typeof=\"WebPage\" title=\"P\u0159ej\u00edt na dsvamb.cz.\" href=\"https:\/\/www.dsvamb.cz\" class=\"home\" aria-current=\"page\"><span property=\"name\">dsvamb.cz<\/span><\/a><meta property=\"position\" content=\"1\"><\/span><\/div>\t\t<\/div>\n\t\t\t\t<\/div>\n\t\t\t\t\t<\/div>\n\t\t<\/div>\n\t\t\t\t\t\t\t<\/div>\n\t\t<\/section>\n\t\t\t\t<section class=\"elementor-section elementor-top-section elementor-element elementor-element-867cee5 elementor-section-boxed elementor-section-height-default elementor-section-height-default\" data-id=\"867cee5\" data-element_type=\"section\" data-settings=\"{&quot;background_background&quot;:&quot;classic&quot;}\">\n\t\t\t\t\t\t<div class=\"elementor-container elementor-column-gap-default\">\n\t\t\t\t\t<div class=\"elementor-column elementor-col-100 elementor-top-column elementor-element elementor-element-e2a89dc\" data-id=\"e2a89dc\" data-element_type=\"column\">\n\t\t\t<div class=\"elementor-widget-wrap elementor-element-populated\">\n\t\t\t\t\t\t\t\t<div class=\"elementor-element elementor-element-b683f03 elementor-widget elementor-widget-heading\" data-id=\"b683f03\" data-element_type=\"widget\" data-widget_type=\"heading.default\">\n\t\t\t\t<div class=\"elementor-widget-container\">\n\t\t\t<h3 class=\"elementor-heading-title elementor-size-small elementor-heading-title elementor-size-small\">Historie Domu sv. Anton\u00edna<\/h3>\t\t<\/div>\n\t\t\t\t<\/div>\n\t\t\t\t<div class=\"elementor-element elementor-element-1264435 elementor-widget elementor-widget-text-editor\" data-id=\"1264435\" data-element_type=\"widget\" data-widget_type=\"text-editor.default\">\n\t\t\t\t<div class=\"elementor-widget-container\">\n\t\t\t<style>\/*! elementor - v3.5.6 - 28-02-2022 *\/\n.elementor-widget-text-editor.elementor-drop-cap-view-stacked .elementor-drop-cap{background-color:#818a91;color:#fff}.elementor-widget-text-editor.elementor-drop-cap-view-framed .elementor-drop-cap{color:#818a91;border:3px solid;background-color:transparent}.elementor-widget-text-editor:not(.elementor-drop-cap-view-default) .elementor-drop-cap{margin-top:8px}.elementor-widget-text-editor:not(.elementor-drop-cap-view-default) .elementor-drop-cap-letter{width:1em;height:1em}.elementor-widget-text-editor .elementor-drop-cap{float:left;text-align:center;line-height:1;font-size:50px}.elementor-widget-text-editor .elementor-drop-cap-letter{display:inline-block}<\/style>\t\t\t\t<p>D\u016fm sv. Anton\u00edna byl postaven v letech 1934-1936. Do u\u017e\u00edv\u00e1n\u00ed byl uveden dne 19. z\u00e1\u0159\u00ed 1936. D\u016fm slou\u017eil jako kl\u00e1\u0161ter, kde sestry boromejky provozovaly mate\u0159skou \u0161kolu a d\u00edv\u010d\u00ed \u0161kolu, po\u0159\u00e1daly se zde kurzy a duchovn\u00ed cvi\u010den\u00ed jak laik\u016f, tak duchovn\u00edch. Do kl\u00e1\u0161tera bylo tak\u00e9 p\u0159ijmuto n\u011bkolik star\u00fdch osob a n\u011bkolik student\u016f, kte\u0159\u00ed zde na\u0161i do\u010dasn\u00e9 ubytov\u00e1n\u00ed.\u00a0<img loading=\"lazy\" decoding=\"async\" class=\"aligncenter wp-image-2092 size-full\" src=\"http:\/\/dsvamb.sonus.cz\/wp-content\/uploads\/2022\/03\/dum.jpeg\" alt=\"\" width=\"325\" height=\"172\" srcset=\"https:\/\/www.dsvamb.cz\/wp-content\/uploads\/2022\/03\/dum.jpeg 325w, https:\/\/www.dsvamb.cz\/wp-content\/uploads\/2022\/03\/dum-300x159.jpeg 300w, https:\/\/www.dsvamb.cz\/wp-content\/uploads\/2022\/03\/dum-285x151.jpeg 285w, https:\/\/www.dsvamb.cz\/wp-content\/uploads\/2022\/03\/dum-150x79.jpeg 150w\" sizes=\"auto, (max-width: 325px) 100vw, 325px\" \/><\/p><p>\u00a0<\/p><p>V roce 1938, v d\u016fsledku zabr\u00e1n\u00ed Sudet, poslou\u017eil kl\u00e1\u0161ter jako do\u010dasn\u00e9 \u00fato\u010di\u0161t\u011b pro \u010desk\u00e9 obyvatelstvo, kter\u00e9 se muselo vyst\u011bhovat p\u0159edev\u0161\u00edm ze Znojma. V pr\u016fb\u011bhu II. sv\u011btov\u00e9 v\u00e1lky za\u017eil kl\u00e1\u0161ter n\u011bkolik nelehk\u00fdch situac\u00ed. Byl zde z\u0159\u00edzen nejprve n\u011bmeck\u00fd lazaret, ke konci v\u00e1lky pak sov\u011btsk\u00fd lazaret. Po revoluci v roce 1948 bylo postupn\u011b zru\u0161eno provozov\u00e1n\u00ed mate\u0159sk\u00e9 \u0161kolky a d\u00edv\u010d\u00ed \u0161koly z moci \u00fa\u0159edn\u00ed.\u00a0<\/p><p>Z Domu sv. Anton\u00edna, kter\u00fd slou\u017eil p\u0159ev\u00e1\u017en\u011b pro v\u00fdchovu mlad\u00fdch, se st\u00e1v\u00e1 domov d\u016fchodc\u016f. V roce 1949 p\u0159eb\u00edr\u00e1 veden\u00ed \u010cKCH a od roku 1952 p\u0159ich\u00e1z\u00ed do \u00fastavu prvn\u00ed civiln\u00ed vedouc\u00ed. V t\u00e9 dob\u011b ztr\u00e1c\u00ed D\u016fm sv\u016fj p\u016fvodn\u00ed n\u00e1zev. V roce 1976 p\u0159ech\u00e1z\u00ed spr\u00e1va domova na \u00dastav soci\u00e1ln\u00edch slu\u017eeb T\u0159eb\u00ed\u010d a z\u00e1rove\u0148 je do funkce vrchn\u00ed sestry jmenovan\u00e1 civiln\u00ed osoba. Roku 1982 prob\u011bhla v Dom\u011b snad jedin\u00e1 v\u011bt\u0161\u00ed oprava na elektick\u00e9 instalaci a ostatn\u00edm za\u0159\u00edzen\u00ed.\u00a0<\/p><p>Politick\u00e9 a spole\u010densk\u00e9 zm\u011bny po roce 1989 zas\u00e1hly v\u00fdznamnou m\u011brou i do chodu domova d\u016fchodc\u016f. Dne 12. prosince 1991 je kl\u00e1\u0161ter navr\u00e1cen zp\u011bt p\u016fvodn\u00edm majitelk\u00e1m &#8211; tj. Kongregaci Milosrdn\u00fdch sester sv. Karla Boromejsk\u00e9ho. Od roku 1992 nese kl\u00e1\u0161ter op\u011bt p\u016fvodn\u00ed n\u00e1zev D\u016fm sv. Anton\u00edna s t\u00edm, \u017ee domov d\u016fchodc\u016f zde byl zachov\u00e1n. Obyvatel\u016fm i person\u00e1lu po\u017eehnal brn\u011bnsk\u00fd biskup Mons. Vojt\u011bch Cikrle dne 18. ledna 1992. Po 57 letech, v roce 1993, byla znovu vyzdvi\u017eena socha sv. Anton\u00edna Poustevn\u00edka do p\u0159ipraven\u00e9ho v\u00fdklenku v budov\u011b.\u00a0<\/p><p>V roce 1997 a 1999 byla provedena p\u016fdn\u00ed vestavba a p\u0159\u00edstavba na jihoz\u00e1padn\u00ed stran\u011b Domu. Tyto stavebn\u00ed \u00fapravy vy\u0159e\u0161ily problematiku absence druh\u00e9ho p\u0159\u00edstupov\u00e9ho schodi\u0161t\u011b a l\u016f\u017ekov\u00e9ho v\u00fdtahu pro obyvatele. P\u016fdn\u00ed vestavba umo\u017enila pak roz\u0161\u00ed\u0159en\u00ed ubytovac\u00edch prostor, v\u010detn\u011b vybudov\u00e1n\u00ed administrativn\u00edho z\u00e1zem\u00ed a rehabilitace. V dubnu 2005 se \u0159\u00e1dov\u00e9 sestry definitivn\u011b p\u0159est\u011bhovaly do opraven\u00e9ho domku v sousedstv\u00ed a objekt slou\u017e\u00ed v\u00fdhradn\u011b pro pot\u0159eby obyvatel. Po celou historii Domu je udr\u017eov\u00e1na v provozu kaple zasv\u011bcen\u00e1 Bo\u017esk\u00e9mu Srdci a nejinak je tomu i dnes.\u00a0<\/p><p>V roce 2006, kdy prob\u011bhly oslavy 70 let od zah\u00e1jen\u00ed provozu Domu svat\u00e9ho Anton\u00edna, byla zah\u00e1jena prvn\u00ed etapa modernizace provozu. P\u0159\u00edstavbou Domu byl vybudov\u00e1n nov\u00fd stravovac\u00ed provoz v\u010detn\u011b nov\u00e9 kuchyn\u011b a j\u00eddelny. Sou\u010d\u00e1st\u00ed t\u00e9to akce byla i v\u00fdstavba v\u00edce\u00fa\u010delov\u00e9 spole\u010densk\u00e9 m\u00edstnosti a v\u00fdstavba n\u011bkolika nov\u00fdch, modern\u00edch pokoj\u016f. V\u00edce\u00fa\u010delov\u00e1 spole\u010densk\u00e1 m\u00edstnost slou\u017e\u00ed pro po\u0159\u00e1d\u00e1n\u00ed jak spole\u010densk\u00fdch, tak kulturn\u00edch akc\u00ed. Tyto prostory slou\u017e\u00ed nejen pro volno\u010dasov\u00e9 aktivity obyvatel, ale i jako vzd\u011bl\u00e1vac\u00ed prostor pro zam\u011bstnance, p\u0159\u00edpadn\u011b i z\u00e1jemce z \u0159ad odborn\u00e9 ve\u0159ejnosti.\u00a0 I. etapa modernizace Domu sv. Anton\u00edna byla uvedena do provozu 8. listopadu 2007 za \u00fa\u010dasti hejtmana kraje Vyso\u010dina a dal\u0161\u00edch osobnost\u00ed. D\u00edlo p\u0159i m\u0161i svat\u00e9 po\u017eehnal brn\u011bnsk\u00fd biskup Mons. Vojt\u011bch Cikrle.\u00a0<\/p><p>Od roku 2008 prob\u00edhaj\u00ed v Dom\u011b sv. Anton\u00edna \u010d\u00e1ste\u010dn\u00e9 \u00fapravy st\u00e1vaj\u00edc\u00edch ubytovac\u00edch prostor. Byly p\u0159ebudov\u00e1ny 2 v\u00edcel\u016f\u017ekov\u00e9 pokoje na dvoul\u016f\u017ekov\u00e9 pokoje se samostatn\u00fdm soci\u00e1ln\u00edm za\u0159\u00edzen\u00edm. Pr\u016fb\u011b\u017en\u011b prob\u00edh\u00e1 modernizace st\u00e1vaj\u00edc\u00edho mobili\u00e1\u0159e a technick\u00e9ho z\u00e1zem\u00ed. Byl rekonstruov\u00e1n osobn\u00ed i l\u016f\u017ekov\u00fd v\u00fdtah, pr\u016fb\u011b\u017en\u011b po\u0159\u00edzeny polohovac\u00ed elektrick\u00e9 postele s antidekubitn\u00edmi matracemi. Zlep\u0161ily se podm\u00ednky na \u0161atn\u00e1ch zam\u011bstnanc\u016f, byla zmodernizov\u00e1na pr\u00e1delna, vybudov\u00e1na m\u00edstnost pro zem\u0159el\u00e9, opraveny spole\u010dn\u00e9 soci\u00e1ln\u00ed za\u0159\u00edzen\u00ed apod. V pr\u016fb\u011bhu let bylo dokon\u010deno nov\u00e9 oplocen\u00ed are\u00e1lu do ulice Komensk\u00e9ho v\u010detn\u011b automatick\u00e9 br\u00e1ny a z\u00e1vory, opravena p\u0159\u00edjezdov\u00e1 komunikace a spousta dal\u0161\u00edch drobn\u00fdch vylep\u0161en\u00ed. Je p\u0159ipraven projekt pro vybudov\u00e1n\u00ed nov\u00e9 ubytovac\u00ed kapacity, ji\u017e ve st\u00e1diu stavebn\u00edho povolen\u00ed, kter\u00fd byl v roce 2017 zmodernizov\u00e1n, aby odpov\u00eddal st\u00e1vaj\u00edc\u00edm po\u017eadavk\u016fm na pobytov\u00e1 soci\u00e1ln\u00ed za\u0159\u00edzen\u00ed. Navrhovan\u00e1 bytovac\u00ed kapacita vyhovuje t\u00e9\u017e energetick\u00e9 t\u0159\u00edd\u011b &#8220;A&#8221;. Ve\u0161ker\u00e9 pr\u00e1ce za posledn\u00edch 10 let se n\u00e1m da\u0159\u00ed realizovat d\u00edky finan\u010dn\u00ed pomoci z\u0159izovatele a d\u00edky dar\u016fm od jednotlivc\u016f i firem, d\u00e1le pak d\u00edky Nadaci Domu sv. Anton\u00edna, kter\u00e1 t\u00e9\u017e finan\u010dn\u011b nemalou m\u011brou p\u0159isp\u011bla k uskute\u010dn\u011bn\u00ed v\u00fd\u0161e uveden\u00fdch prac\u00ed. Nutno konstatovat, \u017ee v\u00edce ne\u017e 80 letou historii Domu sv. Anton\u00edna psali p\u0159edev\u0161\u00edm ti, kte\u0159\u00ed zde \u017eili a slou\u017eili. T\u011b\u017ek\u00e9 a radostn\u00e9 chv\u00edle zde pro\u017e\u00edvaly ruku v roce \u0159\u00e1dov\u00e9 sestry spole\u010dn\u011b s civiln\u00edmi zam\u011bstnnanci, p\u0159\u00edznivci, dobrodinci, dobrovoln\u00edky a p\u0159\u00e1teli. V\u0161em pat\u0159\u00ed velk\u00fd d\u00edk za pr\u00e1ci, kterou v p\u00e9\u010di o pot\u0159ebn\u00e9 lidi a cel\u00fd are\u00e1l Domu sv. Anton\u00edna vykonali a jist\u011b je\u0161t\u011b vykonaj\u00ed. FOTO M\u0160 JABULA V z\u00e1\u0159\u00ed 2016, v roce 80. v\u00fdro\u010d\u00ed vzniku Domu sv. Anton\u00edna, se do are\u00e1lu navr\u00e1tily d\u011bti do nov\u011b vybudovan\u00e9 mate\u0159sk\u00e9 \u0161koly. Kongregace Milosrdn\u00fdch sester sv. Karla Boromejsk\u00e9ho poskytla brn\u011bnsk\u00e9mu biskupstv\u00ed na v\u00fdstavbu mate\u0159sk\u00e9 \u0161koly Jabula pozemek a otev\u0159en\u00edm vznikl ojedin\u011bl\u00fd projekt spolupr\u00e1ce senior\u016f a p\u0159ed\u0161koln\u00edch d\u011bt\u00ed ve spole\u010dn\u00e9m are\u00e1lu.<\/p>\t\t\t\t\t\t<\/div>\n\t\t\t\t<\/div>\n\t\t\t\t\t<\/div>\n\t\t<\/div>\n\t\t\t\t\t\t\t<\/div>\n\t\t<\/section>\n\t\t\t\t\t\t<\/div>\n\t\t\t\t\t<\/div>\n\t\t","protected":false},"excerpt":{"rendered":"<p>Historie Historie Domu sv. Anton\u00edna D\u016fm sv. Anton\u00edna byl postaven v letech 1934-1936. Do u\u017e\u00edv\u00e1n\u00ed byl uveden dne&#8230;<\/p>\n","protected":false},"author":1,"featured_media":0,"parent":346,"menu_order":0,"comment_status":"closed","ping_status":"closed","template":"elementor_header_footer","meta":{"ngg_post_thumbnail":0,"footnotes":""},"class_list":["post-2089","page","type-page","status-publish","hentry"],"_links":{"self":[{"href":"https:\/\/www.dsvamb.cz\/index.php?rest_route=\/wp\/v2\/pages\/2089","targetHints":{"allow":["GET"]}}],"collection":[{"href":"https:\/\/www.dsvamb.cz\/index.php?rest_route=\/wp\/v2\/pages"}],"about":[{"href":"https:\/\/www.dsvamb.cz\/index.php?rest_route=\/wp\/v2\/types\/page"}],"author":[{"embeddable":true,"href":"https:\/\/www.dsvamb.cz\/index.php?rest_route=\/wp\/v2\/users\/1"}],"replies":[{"embeddable":true,"href":"https:\/\/www.dsvamb.cz\/index.php?rest_route=%2Fwp%2Fv2%2Fcomments&post=2089"}],"version-history":[{"count":7,"href":"https:\/\/www.dsvamb.cz\/index.php?rest_route=\/wp\/v2\/pages\/2089\/revisions"}],"predecessor-version":[{"id":2491,"href":"https:\/\/www.dsvamb.cz\/index.php?rest_route=\/wp\/v2\/pages\/2089\/revisions\/2491"}],"up":[{"embeddable":true,"href":"https:\/\/www.dsvamb.cz\/index.php?rest_route=\/wp\/v2\/pages\/346"}],"wp:attachment":[{"href":"https:\/\/www.dsvamb.cz\/index.php?rest_route=%2Fwp%2Fv2%2Fmedia&parent=2089"}],"curies":[{"name":"wp","href":"https:\/\/api.w.org\/{rel}","templated":true}]}}